{"id":24,"date":"2022-01-17T10:11:03","date_gmt":"2022-01-17T09:11:03","guid":{"rendered":"https:\/\/www.vmv-mbh.de\/?page_id=24"},"modified":"2026-01-09T11:37:11","modified_gmt":"2026-01-09T10:37:11","slug":"landesnetz","status":"publish","type":"page","link":"https:\/\/www.vmv-mbh.de\/en\/landesnetz\/","title":{"rendered":"national network"},"content":{"rendered":"<div data-elementor-type=\"wp-page\" data-elementor-id=\"24\" class=\"elementor elementor-24\" data-elementor-post-type=\"page\">\n\t\t\t\t\t\t<section class=\"elementor-section elementor-top-section elementor-element elementor-element-5ca025eb elementor-section-boxed elementor-section-height-default elementor-section-height-default\" data-id=\"5ca025eb\" data-element_type=\"section\" data-e-type=\"section\">\n\t\t\t\t\t\t<div class=\"elementor-container elementor-column-gap-no\">\n\t\t\t\t\t<div class=\"elementor-column elementor-col-100 elementor-top-column elementor-element elementor-element-2c4e41bf\" data-id=\"2c4e41bf\" data-element_type=\"column\" data-e-type=\"column\">\n\t\t\t<div class=\"elementor-widget-wrap elementor-element-populated\">\n\t\t\t\t\t\t<div class=\"elementor-element elementor-element-68c3ceef elementor-widget elementor-widget-heading\" data-id=\"68c3ceef\" data-element_type=\"widget\" data-e-type=\"widget\" data-widget_type=\"heading.default\">\n\t\t\t\t<div class=\"elementor-widget-container\">\n\t\t\t\t\t<h3 class=\"elementor-heading-title elementor-size-default\">Mobility Offensive MV<\/h3>\t\t\t\t<\/div>\n\t\t\t\t<\/div>\n\t\t\t\t<div class=\"elementor-element elementor-element-45c1025f elementor-widget elementor-widget-text-editor\" data-id=\"45c1025f\" data-element_type=\"widget\" data-e-type=\"widget\" data-widget_type=\"text-editor.default\">\n\t\t\t\t<div class=\"elementor-widget-container\">\n\t\t\t\t\t\t\t\t\t<p>In spring 2023, Reinhard Meyer, the State Minister for Economic Affairs, Infrastructure, Tourism and Labour, presented the MV mobility offensive. Its aim is to expand local public transport and, in particular, to increase the availability of public mobility in rural areas. \"The switch from motorised private transport to buses and trains will only be successful if we offer attractive transport services and socially acceptable and modern digital fare and sales structures,\" said Meyer.<br \/>In addition to the Deutschlandticket introduced this year, three pillars are to support the mobility campaign:<\/p><p><strong>1. expansion of the performance and infrastructure of local rail passenger transport<\/strong><\/p><p><strong>Pillar 1<\/strong> of the mobility offensive is the expansion of infrastructure in local rail passenger transport for a high-quality supra-regional transport service. In the medium term, future service expansions are to be offered hourly on all main axes of the state network on weekdays - and at least every second hour on secondary axes. In addition, service times are to be extended, including at weekends and during the season.<\/p><p><strong>2. introduction of a nationwide bus network with high-quality regular-interval services throughout the country<\/strong><\/p><p><strong>Pillar 2<\/strong> of the mobility offensive includes the introduction of a state-wide regional bus system with high-quality scheduled services in the area, operated by regional buses MV. The regional bus routes will be introduced state-wide on important transport axes with uniform quality standards. The planned regional bus routes will operate with regular hourly or two-hourly services regardless of school and holiday times. The Regiobus services will be extended, particularly at weekends and outside the traditional peak times. The buses generally run from Monday to Saturday between 5 am and 10 pm and on Sundays and public holidays between 8 am and 8 pm. In addition, the Regiobus routes are linked with rail services to create a close-knit transport network for the whole of Mecklenburg-Vorpommern.<\/p><p><strong>3. introduction of a standardised nationwide call bus system for the \"last mile\"<\/strong><\/p><p>As <strong>Pillar 3<\/strong> The mobility campaign has developed the concept of a standardised, state-wide on-call bus system to cover the \"last mile\". The appropriate vehicle and personnel resources must be created in the administrative districts for this. Here too, the responsibility for public transport remains with the districts.<\/p><p>Further information and maps can be found in the following flyer:<\/p>\t\t\t\t\t\t\t\t<\/div>\n\t\t\t\t<\/div>\n\t\t\t\t<div class=\"elementor-element elementor-element-287b727d elementor-align-left elementor-widget elementor-widget-button\" data-id=\"287b727d\" data-element_type=\"widget\" data-e-type=\"widget\" data-widget_type=\"button.default\">\n\t\t\t\t<div class=\"elementor-widget-container\">\n\t\t\t\t\t\t\t\t\t<div class=\"elementor-button-wrapper\">\n\t\t\t\t\t<a class=\"elementor-button elementor-button-link elementor-size-sm\" href=\"https:\/\/www.vmv-mbh.de\/wp-content\/uploads\/Flyer-neu.pdf\" target=\"_blank\">\n\t\t\t\t\t\t<span class=\"elementor-button-content-wrapper\">\n\t\t\t\t\t\t<span class=\"elementor-button-icon\">\n\t\t\t\t<i aria-hidden=\"true\" class=\"fas fa-cloud-download\"><\/i>\t\t\t<\/span>\n\t\t\t\t\t\t\t\t\t<span class=\"elementor-button-text\">Flyer Mobilit\u00e4tsoffensive 2025 (PDF)<\/span>\n\t\t\t\t\t<\/span>\n\t\t\t\t\t<\/a>\n\t\t\t\t<\/div>\n\t\t\t\t\t\t\t\t<\/div>\n\t\t\t\t<\/div>\n\t\t\t\t\t<\/div>\n\t\t<\/div>\n\t\t\t\t\t<\/div>\n\t\t<\/section>\n\t\t\t\t<section class=\"elementor-section elementor-top-section elementor-element elementor-element-fcba9f5 elementor-section-boxed elementor-section-height-default elementor-section-height-default\" data-id=\"fcba9f5\" data-element_type=\"section\" data-e-type=\"section\">\n\t\t\t\t\t\t<div class=\"elementor-container elementor-column-gap-default\">\n\t\t\t\t\t<div class=\"elementor-column elementor-col-100 elementor-top-column elementor-element elementor-element-14cf9fa\" data-id=\"14cf9fa\" data-element_type=\"column\" data-e-type=\"column\">\n\t\t\t<div class=\"elementor-widget-wrap elementor-element-populated\">\n\t\t\t\t\t\t<div class=\"elementor-element elementor-element-7f83792 elementor-widget elementor-widget-text-editor\" data-id=\"7f83792\" data-element_type=\"widget\" data-e-type=\"widget\" data-widget_type=\"text-editor.default\">\n\t\t\t\t<div class=\"elementor-widget-container\">\n\t\t\t\t\t\t\t\t\t<h4 class=\"wp-block-heading has-large-font-size\"><strong>In den ersten 800 Tagen der Mobilit\u00e4tsoffensive Mecklenburg-Vorpommern wurde u.a.:\u00a0<\/strong><\/h4><ul class=\"wp-block-list\"><li>ein auf 43 Euro reduziertes Deutschlandticket f\u00fcr Azubis in MV und Senioren aus MV angeboten\u00a0<\/li><li>die Etablierung folgender Regiobuslinien abgeschlossen:<ul class=\"wp-block-list\"><li>Dez. 2023:<ul class=\"wp-block-list\"><li>Linie 170: Sternberg \u2013 Schwerin<\/li><li>Linie 012: Neubrandenburg \u2013 Waren<\/li><li>Linie 330: Wismar \u2013 Grevesm\u00fchlen<\/li><\/ul><\/li><li>M\u00e4rz 2024:<ul class=\"wp-block-list\"><li>Linie 270: Sternberg \u2013 G\u00fcstrow<\/li><\/ul><\/li><li>Mai 2024:<ul class=\"wp-block-list\"><li>Linie 012 + 011 \u00e0 012: (Neubrandenburg \u2013) Waren \u2013 R\u00f6bel<\/li><\/ul><\/li><li>Juni 2024:<ul class=\"wp-block-list\"><li>Linie 029: Klein Zicker \u2013 Sassnitz<\/li><\/ul><\/li><li>Sep. 2024:<ul class=\"wp-block-list\"><li>Linie 320: Sanitz \u2013 Tribsees<\/li><li>Linie 245: Wismar \u2013 Blankenberg<\/li><li>Linie 345: Grevesm\u00fchlen \u2013 Boltenhagen \u2013 Wei\u00dfe Wiek<\/li><\/ul><\/li><li>Dez. 2024:<ul class=\"wp-block-list\"><li>Linie 345 \u00e0 240: (Grevesm\u00fchlen \u2013 Wei\u00dfe Wiek) \u2013 Wismar<\/li><\/ul><\/li><li>Juni 2025:<ul class=\"wp-block-list\"><li>Linie 125: Bad Doberan \u2013 Hohen Luckow \u2013 Schwaan<\/li><\/ul><\/li><li>Juli 2025:<ul class=\"wp-block-list\"><li>Linie 250: G\u00fcstrow \u2013 Krakow am See \u2013 Linstow<\/li><\/ul><\/li><li>Sep. 2025:<ul class=\"wp-block-list\"><li>Linie 320:\u00a0 (Sanitz \u2013 Tribsees) \u2013 Greifswald<\/li><\/ul><\/li><li>Okt. 2025:<ul class=\"wp-block-list\"><li>Linie 403: Malchin \u2013 Waren<\/li><li>Linie 500: Neubrandenburg \u2013 Friedland<\/li><li>Linie 619: Neustrelitz \u2013 Feldberg<\/li><\/ul><\/li><li>Dez. 2025:<ul class=\"wp-block-list\"><li>Linie 54: Hagenow \u2013 Zarrentin<\/li><li>Linie 58: Ludwigslust \u2013 D\u00f6mitz<\/li><li>Linie 735: Krakow am See \u2013 Plau am See \u2013 Meyenburg<\/li><\/ul><\/li><\/ul><\/li><li>in vier von sechs Landkreisen ist ein\u00a0100%\u00a0fl\u00e4chendeckendes System von Rufbussen komplettiert und optimiert<\/li><li>weiterhin stufenweiser Aufbau in den anderen beiden Landkreisen<\/li><li>im Jahresverlauf\u00a02025 wurden die ersten Rufbusgebiete auf der Insel R\u00fcgen eingef\u00fchrt<\/li><li>das Angebot im Schienenpersonennahverkehr soll durch h\u00e4ufigere und schnellere Verbindungen ausgebaut werden und an die Regiobusse MV angekn\u00fcpft werden.<\/li><\/ul><div><h3 class=\"wp-block-heading\"><strong>Schienenpersonennahverkehrs\u00e4nderungen 2026<\/strong><\/h3><p><strong>Vorbemerkung<\/strong><\/p><ul class=\"wp-block-list\"><li>Stundentausch durch neues Fernverkehrskonzept mit bundesweiten Auswirkungen<\/li><li>Anpassungen auf zahlreichen Linie<\/li><\/ul><p><strong>RE1<\/strong><\/p><ul class=\"wp-block-list\"><li>Nimmt vsl. ab 01.05.2025 wieder den Regelbetrieb auf (Abschluss Generalsanierung Hamburg &lt;&gt; Berlin)<\/li><li>Stundentausch<\/li><li>Alle Z\u00fcge neu mit Halt in Holthusen<\/li><li>Optimierungen am Tagesrand<\/li><li>Halte Kirch-Jesar + Zachun entfallen aus betrieblich-technologischen Gr\u00fcnden<\/li><\/ul><p><strong>RE3\/RE7\/RE10\/RE30<\/strong><\/p><ul class=\"wp-block-list\"><li>Neuordnung der Verkehre<\/li><li>Neu st\u00fcndliches Angebot Stralsund &lt;&gt; Berlin<\/li><li>Alternierend RE3 umsteigefrei und RE30 mit Umstieg Angerm\u00fcnde<\/li><li>Anbindung Greifswald an Fernverkehr neu mit RE3\/RE30 statt RE7<\/li><li>RE10 (ODEG) geht in RE3\/RE30 (DB Regio) auf, Einzelfahrten ODEG verbleiben<\/li><li>Wegen Konflikten Fernverkehr k\u00f6nnen einzelne Halte zwischen Greifswald und Angerm\u00fcnde nicht von allen Z\u00fcgen bedient werden<\/li><\/ul><p><strong>RE4<\/strong><\/p><ul class=\"wp-block-list\"><li>Nimmt vsl. ab 01.05.2025 zwischen Bad Kleinen und B\u00fctzow wieder den Regelbetrieb auf<\/li><li>Neu umsteigefrei B\u00fctzow &lt;&gt; Ueckerm\u00fcnde<\/li><li>Stundentausch Pasewalk &lt;&gt; Ueckerm\u00fcnde<\/li><li>Ab 01.05.2025 Vollsperrung Sch\u00f6nberg &lt;&gt; Bad Kleinen, Strecke L\u00fcbeck &lt;&gt; Bad Kleinen wird ausgebaut und elektrifiziert<\/li><\/ul><p><strong>RE5\/RE50\/RE51<\/strong><\/p><ul class=\"wp-block-list\"><li>Neu Wochenende st\u00fcndliches Angebot Stralsund &lt;&gt; Neubrandenburg<\/li><li>RE50 neu ODEG statt DB Regio<\/li><\/ul><p><strong>RE8\/RB17<\/strong><\/p><ul class=\"wp-block-list\"><li>RE8 nimmt vsl. ab 01.05.2025 wieder den Regelbetrieb auf (Abschluss Generalsanierung Hamburg &lt;&gt; Berlin)<\/li><li>RB17 geht in RE8 auf<\/li><li>Stundentausch<\/li><\/ul><p><strong>RE9<\/strong><\/p><ul class=\"wp-block-list\"><li>Ganzt\u00e4gig t\u00e4glich weitgehend st\u00fcndliches Angebot (teilweise durch \u00dcberlagerung mit Fernverkehr mit Anerkennung NV-Fahrkarten inkl. D-Ticket)<\/li><li>Einzelfahrten Tagesrand neu DB Regio<\/li><\/ul><p><strong>RB11\/RB12<\/strong><\/p><ul class=\"wp-block-list\"><li>Aufgrund Verschiebung Umbau R\u00f6vershagen durch InfraGO Ersatzkonzept in Arbeit, vsl. kaum Fahrzeitunterschiede zum bisherigen Konzept<\/li><\/ul><p><strong>RB13\/RB14<\/strong><\/p><ul class=\"wp-block-list\"><li>Neuer Verkehrsvertrag WM2<\/li><li>St\u00fcndliches Angebot neu t\u00e4glich<\/li><li>Ausweitung Betriebszeiten<\/li><\/ul><p><strong>RB15<\/strong><\/p><ul class=\"wp-block-list\"><li>Neuer Verkehrsvertrag WM2<\/li><li>Wochenende Ausweitung Betriebszeiten<\/li><\/ul><p><strong>RB16<\/strong><\/p><ul class=\"wp-block-list\"><li>Neuer Verkehrsvertrag WM2<\/li><\/ul><p><strong>RB18<\/strong><\/p><ul class=\"wp-block-list\"><li>Nimmt vsl. ab 01.05.2025 wieder den Regelbetrieb auf (Abschluss Generalsanierung Hamburg &lt;&gt; Berlin)<\/li><li>Ausweitung Betriebszeiten<\/li><li>Stundentausch<\/li><\/ul><p><strong>RB25<\/strong><\/p><ul class=\"wp-block-list\"><li>Neuer Verkehrsvertrag WANDA<\/li><li>Verl\u00e4ngert Barth &lt;&gt; Velgast neu umsteigefrei bis Stralsund<\/li><li>Neu Stundentakt<\/li><li>Halte Saatel + Kenz entfallen aus betrieblich-technologischen Gr\u00fcnden<\/li><\/ul><p><strong>RB28<\/strong><\/p><ul class=\"wp-block-list\"><li>Neu Rostock &lt;&gt; Bad Kleinen (Vorlaufbetrieb Rostock &lt;&gt; L\u00fcbeck ab 2029)<\/li><li>Zusammen mit RE1 und RB18 st\u00fcndliches Angebot Rostock &lt;&gt; Schwerin<\/li><\/ul><\/div>\t\t\t\t\t\t\t\t<\/div>\n\t\t\t\t<\/div>\n\t\t\t\t<div class=\"elementor-element elementor-element-3e8a987 elementor-widget elementor-widget-text-editor\" data-id=\"3e8a987\" data-element_type=\"widget\" data-e-type=\"widget\" data-widget_type=\"text-editor.default\">\n\t\t\t\t<div class=\"elementor-widget-container\">\n\t\t\t\t\t\t\t\t\t<h3>800 Tage Mobilit\u00e4tsoffensive MV\u00a0<\/h3><p><strong>Balance sheet:<\/strong> Das haben wir in 800 Tagen der Mobilit\u00e4tsoffensive Mecklenburg-Vorpommern geschafft<\/p>\t\t\t\t\t\t\t\t<\/div>\n\t\t\t\t<\/div>\n\t\t\t\t<div class=\"elementor-element elementor-element-ee825ed elementor-widget elementor-widget-video\" data-id=\"ee825ed\" data-element_type=\"widget\" data-e-type=\"widget\" data-settings=\"{&quot;video_type&quot;:&quot;hosted&quot;,&quot;autoplay&quot;:&quot;yes&quot;,&quot;play_on_mobile&quot;:&quot;yes&quot;,&quot;loop&quot;:&quot;yes&quot;,&quot;show_image_overlay&quot;:&quot;yes&quot;,&quot;image_overlay&quot;:{&quot;url&quot;:&quot;https:\\\/\\\/www.vmv-mbh.de\\\/wp-content\\\/uploads\\\/VMV-Mobilita\\u0308tsoffensive-Cover.png&quot;,&quot;id&quot;:3150,&quot;size&quot;:&quot;&quot;,&quot;alt&quot;:&quot;&quot;,&quot;source&quot;:&quot;library&quot;},&quot;controls&quot;:&quot;yes&quot;}\" data-widget_type=\"video.default\">\n\t\t\t\t<div class=\"elementor-widget-container\">\n\t\t\t\t\t\t\t<div class=\"e-hosted-video elementor-wrapper elementor-open-inline\">\n\t\t\t\t\t<video class=\"elementor-video\" src=\"https:\/\/www.vmv-mbh.de\/wp-content\/uploads\/VMV_25_800_Tage_Karte_b.mp4\" autoplay=\"\" loop=\"\" controls=\"\" playsinline=\"\" controlslist=\"nodownload\" poster=\"https:\/\/www.vmv-mbh.de\/wp-content\/uploads\/VMV-Mobilita\u0308tsoffensive-Cover.png\"><\/video>\n\t\t\t\t\t\t<div class=\"elementor-custom-embed-image-overlay\" style=\"background-image: url(https:\/\/www.vmv-mbh.de\/wp-content\/uploads\/VMV-Mobilita\u0308tsoffensive-Cover.png);\">\n\t\t\t\t\t\t\t\t\t\t\t\t\t\t\t\t<div class=\"elementor-custom-embed-play\" role=\"button\" aria-label=\"Play Video\" tabindex=\"0\" data-no-translation-aria-label=\"\">\n\t\t\t\t\t\t\t<i aria-hidden=\"true\" class=\"eicon-play\"><\/i>\t\t\t\t\t\t<\/div>\n\t\t\t\t\t\t\t\t\t<\/div>\n\t\t\t\t\t<\/div>\n\t\t\t\t\t\t<\/div>\n\t\t\t\t<\/div>\n\t\t\t\t\t<\/div>\n\t\t<\/div>\n\t\t\t\t\t<\/div>\n\t\t<\/section>\n\t\t\t\t<\/div>","protected":false},"excerpt":{"rendered":"<p>MV mobility offensive In spring 2023, the MV mobility offensive was presented by Reinhard Meyer, the State Minister for Economic Affairs, Infrastructure, Tourism and Labour. Its aim is to expand local public transport and, in particular, to increase the availability of public mobility in rural areas. \"The switch from motorised private transport to buses and trains will only succeed if we...<\/p>","protected":false},"author":7,"featured_media":2760,"parent":0,"menu_order":7,"comment_status":"closed","ping_status":"closed","template":"","meta":{"_acf_changed":false,"footnotes":""},"class_list":["post-24","page","type-page","status-publish","has-post-thumbnail","hentry"],"acf":[],"yoast_head":"<!-- This site is optimized with the Yoast SEO plugin v27.4 - https:\/\/yoast.com\/product\/yoast-seo-wordpress\/ -->\n<title>Landesnetz - VMV-Verkehrsgesellschaft Mecklenburg-Vorpommern<\/title>\n<meta name=\"robots\" content=\"index, follow, max-snippet:-1, max-image-preview:large, max-video-preview:-1\" \/>\n<link rel=\"canonical\" href=\"https:\/\/www.vmv-mbh.de\/en\/landesnetz\/\" \/>\n<meta property=\"og:locale\" content=\"en_GB\" \/>\n<meta property=\"og:type\" content=\"article\" \/>\n<meta property=\"og:title\" content=\"Landesnetz - VMV-Verkehrsgesellschaft Mecklenburg-Vorpommern\" \/>\n<meta property=\"og:description\" content=\"Mobilit\u00e4tsoffensive MV Im Fr\u00fchjahr 2023 wurde vom Landesminister f\u00fcr Wirtschaft, Infrastruktur, Tourismus und \u00adArbeit, Reinhard Meyer, die Mobilit\u00e4tsoffensive MV vorgestellt. Ihr Ziel ist der Ausbau des \u00d6ffentlichen Personennahverkehrs (\u00d6PNV) und insbesondere die Erh\u00f6hung des Angebots an \u00f6ffentlicher Mobilit\u00e4t im l\u00e4ndlichen Raum. \u201eDer Umstieg vom motorisierten Individualverkehr auf Bus und Bahn wird nur gelingen, wenn wir&hellip;\" \/>\n<meta property=\"og:url\" content=\"https:\/\/www.vmv-mbh.de\/en\/landesnetz\/\" \/>\n<meta property=\"og:site_name\" content=\"VMV-Verkehrsgesellschaft Mecklenburg-Vorpommern\" \/>\n<meta property=\"article:modified_time\" content=\"2026-01-09T10:37:11+00:00\" \/>\n<meta property=\"og:image\" content=\"https:\/\/www.vmv-mbh.de\/wp-content\/uploads\/Header_Mobioffensive_IMG_1920_700_2-1.jpg\" \/>\n\t<meta property=\"og:image:width\" content=\"1920\" \/>\n\t<meta property=\"og:image:height\" content=\"700\" \/>\n\t<meta property=\"og:image:type\" content=\"image\/jpeg\" \/>\n<meta name=\"twitter:card\" content=\"summary_large_image\" \/>\n<meta name=\"twitter:label1\" content=\"Estimated reading time\" \/>\n\t<meta name=\"twitter:data1\" content=\"5 minutes\" \/>\n<script type=\"application\/ld+json\" class=\"yoast-schema-graph\">{\"@context\":\"https:\\\/\\\/schema.org\",\"@graph\":[{\"@type\":\"WebPage\",\"@id\":\"https:\\\/\\\/www.vmv-mbh.de\\\/landesnetz\\\/\",\"url\":\"https:\\\/\\\/www.vmv-mbh.de\\\/landesnetz\\\/\",\"name\":\"Landesnetz - VMV-Verkehrsgesellschaft Mecklenburg-Vorpommern\",\"isPartOf\":{\"@id\":\"https:\\\/\\\/www.vmv-mbh.de\\\/#website\"},\"primaryImageOfPage\":{\"@id\":\"https:\\\/\\\/www.vmv-mbh.de\\\/landesnetz\\\/#primaryimage\"},\"image\":{\"@id\":\"https:\\\/\\\/www.vmv-mbh.de\\\/landesnetz\\\/#primaryimage\"},\"thumbnailUrl\":\"https:\\\/\\\/www.vmv-mbh.de\\\/wp-content\\\/uploads\\\/Header_Mobioffensive_IMG_1920_700_2-1.jpg\",\"datePublished\":\"2022-01-17T09:11:03+00:00\",\"dateModified\":\"2026-01-09T10:37:11+00:00\",\"breadcrumb\":{\"@id\":\"https:\\\/\\\/www.vmv-mbh.de\\\/landesnetz\\\/#breadcrumb\"},\"inLanguage\":\"en-GB\",\"potentialAction\":[{\"@type\":\"ReadAction\",\"target\":[\"https:\\\/\\\/www.vmv-mbh.de\\\/landesnetz\\\/\"]}]},{\"@type\":\"ImageObject\",\"inLanguage\":\"en-GB\",\"@id\":\"https:\\\/\\\/www.vmv-mbh.de\\\/landesnetz\\\/#primaryimage\",\"url\":\"https:\\\/\\\/www.vmv-mbh.de\\\/wp-content\\\/uploads\\\/Header_Mobioffensive_IMG_1920_700_2-1.jpg\",\"contentUrl\":\"https:\\\/\\\/www.vmv-mbh.de\\\/wp-content\\\/uploads\\\/Header_Mobioffensive_IMG_1920_700_2-1.jpg\",\"width\":1920,\"height\":700},{\"@type\":\"BreadcrumbList\",\"@id\":\"https:\\\/\\\/www.vmv-mbh.de\\\/landesnetz\\\/#breadcrumb\",\"itemListElement\":[{\"@type\":\"ListItem\",\"position\":1,\"name\":\"Startseite\",\"item\":\"https:\\\/\\\/www.vmv-mbh.de\\\/\"},{\"@type\":\"ListItem\",\"position\":2,\"name\":\"Landesnetz\"}]},{\"@type\":\"WebSite\",\"@id\":\"https:\\\/\\\/www.vmv-mbh.de\\\/#website\",\"url\":\"https:\\\/\\\/www.vmv-mbh.de\\\/\",\"name\":\"VMV-Verkehrsgesellschaft Mecklenburg-Vorpommern\",\"description\":\"VMV \u2013 Verkehrsgesellschaft M-V\",\"publisher\":{\"@id\":\"https:\\\/\\\/www.vmv-mbh.de\\\/#organization\"},\"potentialAction\":[{\"@type\":\"SearchAction\",\"target\":{\"@type\":\"EntryPoint\",\"urlTemplate\":\"https:\\\/\\\/www.vmv-mbh.de\\\/?s={search_term_string}\"},\"query-input\":{\"@type\":\"PropertyValueSpecification\",\"valueRequired\":true,\"valueName\":\"search_term_string\"}}],\"inLanguage\":\"en-GB\"},{\"@type\":\"Organization\",\"@id\":\"https:\\\/\\\/www.vmv-mbh.de\\\/#organization\",\"name\":\"VMV \u2013 Verkehrsgesellschaft Mecklenburg-Vorpommern mbH\",\"url\":\"https:\\\/\\\/www.vmv-mbh.de\\\/\",\"logo\":{\"@type\":\"ImageObject\",\"inLanguage\":\"en-GB\",\"@id\":\"https:\\\/\\\/www.vmv-mbh.de\\\/#\\\/schema\\\/logo\\\/image\\\/\",\"url\":\"https:\\\/\\\/www.vmv-mbh.de\\\/wp-content\\\/uploads\\\/brand-vmv-vmv-logo-quer-inv.png\",\"contentUrl\":\"https:\\\/\\\/www.vmv-mbh.de\\\/wp-content\\\/uploads\\\/brand-vmv-vmv-logo-quer-inv.png\",\"width\":384,\"height\":64,\"caption\":\"VMV \u2013 Verkehrsgesellschaft Mecklenburg-Vorpommern mbH\"},\"image\":{\"@id\":\"https:\\\/\\\/www.vmv-mbh.de\\\/#\\\/schema\\\/logo\\\/image\\\/\"}}]}<\/script>\n<!-- \/ Yoast SEO plugin. -->","yoast_head_json":{"title":"Landesnetz - VMV-Verkehrsgesellschaft Mecklenburg-Vorpommern","robots":{"index":"index","follow":"follow","max-snippet":"max-snippet:-1","max-image-preview":"max-image-preview:large","max-video-preview":"max-video-preview:-1"},"canonical":"https:\/\/www.vmv-mbh.de\/en\/landesnetz\/","og_locale":"en_GB","og_type":"article","og_title":"Landesnetz - VMV-Verkehrsgesellschaft Mecklenburg-Vorpommern","og_description":"Mobilit\u00e4tsoffensive MV Im Fr\u00fchjahr 2023 wurde vom Landesminister f\u00fcr Wirtschaft, Infrastruktur, Tourismus und \u00adArbeit, Reinhard Meyer, die Mobilit\u00e4tsoffensive MV vorgestellt. Ihr Ziel ist der Ausbau des \u00d6ffentlichen Personennahverkehrs (\u00d6PNV) und insbesondere die Erh\u00f6hung des Angebots an \u00f6ffentlicher Mobilit\u00e4t im l\u00e4ndlichen Raum. \u201eDer Umstieg vom motorisierten Individualverkehr auf Bus und Bahn wird nur gelingen, wenn wir&hellip;","og_url":"https:\/\/www.vmv-mbh.de\/en\/landesnetz\/","og_site_name":"VMV-Verkehrsgesellschaft Mecklenburg-Vorpommern","article_modified_time":"2026-01-09T10:37:11+00:00","og_image":[{"width":1920,"height":700,"url":"https:\/\/www.vmv-mbh.de\/wp-content\/uploads\/Header_Mobioffensive_IMG_1920_700_2-1.jpg","type":"image\/jpeg"}],"twitter_card":"summary_large_image","twitter_misc":{"Estimated reading time":"5 minutes"},"schema":{"@context":"https:\/\/schema.org","@graph":[{"@type":"WebPage","@id":"https:\/\/www.vmv-mbh.de\/landesnetz\/","url":"https:\/\/www.vmv-mbh.de\/landesnetz\/","name":"Landesnetz - VMV-Verkehrsgesellschaft Mecklenburg-Vorpommern","isPartOf":{"@id":"https:\/\/www.vmv-mbh.de\/#website"},"primaryImageOfPage":{"@id":"https:\/\/www.vmv-mbh.de\/landesnetz\/#primaryimage"},"image":{"@id":"https:\/\/www.vmv-mbh.de\/landesnetz\/#primaryimage"},"thumbnailUrl":"https:\/\/www.vmv-mbh.de\/wp-content\/uploads\/Header_Mobioffensive_IMG_1920_700_2-1.jpg","datePublished":"2022-01-17T09:11:03+00:00","dateModified":"2026-01-09T10:37:11+00:00","breadcrumb":{"@id":"https:\/\/www.vmv-mbh.de\/landesnetz\/#breadcrumb"},"inLanguage":"en-GB","potentialAction":[{"@type":"ReadAction","target":["https:\/\/www.vmv-mbh.de\/landesnetz\/"]}]},{"@type":"ImageObject","inLanguage":"en-GB","@id":"https:\/\/www.vmv-mbh.de\/landesnetz\/#primaryimage","url":"https:\/\/www.vmv-mbh.de\/wp-content\/uploads\/Header_Mobioffensive_IMG_1920_700_2-1.jpg","contentUrl":"https:\/\/www.vmv-mbh.de\/wp-content\/uploads\/Header_Mobioffensive_IMG_1920_700_2-1.jpg","width":1920,"height":700},{"@type":"BreadcrumbList","@id":"https:\/\/www.vmv-mbh.de\/landesnetz\/#breadcrumb","itemListElement":[{"@type":"ListItem","position":1,"name":"Startseite","item":"https:\/\/www.vmv-mbh.de\/"},{"@type":"ListItem","position":2,"name":"Landesnetz"}]},{"@type":"WebSite","@id":"https:\/\/www.vmv-mbh.de\/#website","url":"https:\/\/www.vmv-mbh.de\/","name":"VMV Transport Company Mecklenburg-Western Pomerania","description":"VMV - Verkehrsgesellschaft M-V","publisher":{"@id":"https:\/\/www.vmv-mbh.de\/#organization"},"potentialAction":[{"@type":"SearchAction","target":{"@type":"EntryPoint","urlTemplate":"https:\/\/www.vmv-mbh.de\/?s={search_term_string}"},"query-input":{"@type":"PropertyValueSpecification","valueRequired":true,"valueName":"search_term_string"}}],"inLanguage":"en-GB"},{"@type":"Organization","@id":"https:\/\/www.vmv-mbh.de\/#organization","name":"VMV - Verkehrsgesellschaft Mecklenburg-Vorpommern mbH","url":"https:\/\/www.vmv-mbh.de\/","logo":{"@type":"ImageObject","inLanguage":"en-GB","@id":"https:\/\/www.vmv-mbh.de\/#\/schema\/logo\/image\/","url":"https:\/\/www.vmv-mbh.de\/wp-content\/uploads\/brand-vmv-vmv-logo-quer-inv.png","contentUrl":"https:\/\/www.vmv-mbh.de\/wp-content\/uploads\/brand-vmv-vmv-logo-quer-inv.png","width":384,"height":64,"caption":"VMV \u2013 Verkehrsgesellschaft Mecklenburg-Vorpommern mbH"},"image":{"@id":"https:\/\/www.vmv-mbh.de\/#\/schema\/logo\/image\/"}}]}},"_links":{"self":[{"href":"https:\/\/www.vmv-mbh.de\/en\/wp-json\/wp\/v2\/pages\/24","targetHints":{"allow":["GET"]}}],"collection":[{"href":"https:\/\/www.vmv-mbh.de\/en\/wp-json\/wp\/v2\/pages"}],"about":[{"href":"https:\/\/www.vmv-mbh.de\/en\/wp-json\/wp\/v2\/types\/page"}],"author":[{"embeddable":true,"href":"https:\/\/www.vmv-mbh.de\/en\/wp-json\/wp\/v2\/users\/7"}],"replies":[{"embeddable":true,"href":"https:\/\/www.vmv-mbh.de\/en\/wp-json\/wp\/v2\/comments?post=24"}],"version-history":[{"count":0,"href":"https:\/\/www.vmv-mbh.de\/en\/wp-json\/wp\/v2\/pages\/24\/revisions"}],"wp:featuredmedia":[{"embeddable":true,"href":"https:\/\/www.vmv-mbh.de\/en\/wp-json\/wp\/v2\/media\/2760"}],"wp:attachment":[{"href":"https:\/\/www.vmv-mbh.de\/en\/wp-json\/wp\/v2\/media?parent=24"}],"curies":[{"name":"wp","href":"https:\/\/api.w.org\/{rel}","templated":true}]}}