{"id":625,"date":"2022-04-12T15:55:03","date_gmt":"2022-04-12T13:55:03","guid":{"rendered":"https:\/\/www.vmv-mbh.de\/?page_id=625"},"modified":"2022-08-03T11:13:31","modified_gmt":"2022-08-03T09:13:31","slug":"foerderung-individueller-bedarfsverkehr-2","status":"publish","type":"page","link":"https:\/\/www.vmv-mbh.de\/en\/die-vmv\/foerderung\/foerderung-individueller-bedarfsverkehr-2\/","title":{"rendered":"Funding for individual on-demand transport"},"content":{"rendered":"<div data-elementor-type=\"wp-page\" data-elementor-id=\"625\" class=\"elementor elementor-625\" data-elementor-post-type=\"page\">\n\t\t\t\t\t\t<section class=\"elementor-section elementor-top-section elementor-element elementor-element-fc2aa02 elementor-section-boxed elementor-section-height-default elementor-section-height-default\" data-id=\"fc2aa02\" data-element_type=\"section\" data-e-type=\"section\">\n\t\t\t\t\t\t<div class=\"elementor-container elementor-column-gap-custom\">\n\t\t\t\t\t<div class=\"elementor-column elementor-col-100 elementor-top-column elementor-element elementor-element-21e35b4\" data-id=\"21e35b4\" data-element_type=\"column\" data-e-type=\"column\">\n\t\t\t<div class=\"elementor-widget-wrap elementor-element-populated\">\n\t\t\t\t\t\t<div class=\"elementor-element elementor-element-d8ea8a5 H3 elementor-widget elementor-widget-heading\" data-id=\"d8ea8a5\" data-element_type=\"widget\" data-e-type=\"widget\" data-widget_type=\"heading.default\">\n\t\t\t\t<div class=\"elementor-widget-container\">\n\t\t\t\t\t<h3 class=\"elementor-heading-title elementor-size-default\">Funding<\/h3>\t\t\t\t<\/div>\n\t\t\t\t<\/div>\n\t\t\t\t<div class=\"elementor-element elementor-element-e57d6da elementor-widget elementor-widget-text-editor\" data-id=\"e57d6da\" data-element_type=\"widget\" data-e-type=\"widget\" data-widget_type=\"text-editor.default\">\n\t\t\t\t<div class=\"elementor-widget-container\">\n\t\t\t\t\t\t\t\t\t<div class=\"elementor-element elementor-element-704952d elementor-widget elementor-widget-text-editor\" data-id=\"704952d\" data-element_type=\"widget\" data-widget_type=\"text-editor.default\"><div class=\"elementor-widget-container\"><div class=\"elementor-text-editor elementor-clearfix\"><div class=\"row\"><div class=\"col-md-12\"><div id=\"c41\" class=\"frame frame-default frame-type-textmedia frame-layout-0 item\"><header><p>Alternative forms of public transport services are funded if they help to improve the cost-effectiveness and increase the attractiveness of public transport. Alternative forms of service within the meaning of the guidelines are: Shared taxis, on-demand buses and community buses, provided that they replace or supplement existing scheduled services in accordance with Section 42 of the Passenger Transport Act (PBefG).<\/p><\/header><\/div><\/div><\/div><\/div><\/div><\/div><p>For the alternative forms of service, subsidies are available for consultancy costs (during planning), material costs and operating costs. This funding measure is regulated in the \"Directive on the granting of subsidies for alternative forms of public transport in the state of Mecklenburg-Vorpommern\" (AltBedFRL).<\/p>\t\t\t\t\t\t\t\t<\/div>\n\t\t\t\t<\/div>\n\t\t\t\t<div class=\"elementor-element elementor-element-b60826d elementor-align-left pdf-btn elementor-widget elementor-widget-button\" data-id=\"b60826d\" data-element_type=\"widget\" data-e-type=\"widget\" data-widget_type=\"button.default\">\n\t\t\t\t<div class=\"elementor-widget-container\">\n\t\t\t\t\t\t\t\t\t<div class=\"elementor-button-wrapper\">\n\t\t\t\t\t<a class=\"elementor-button elementor-button-link elementor-size-sm\" href=\"https:\/\/www.vmv-mbh.de\/wp-content\/uploads\/AltBedFRL.pdf\" target=\"_blank\">\n\t\t\t\t\t\t<span class=\"elementor-button-content-wrapper\">\n\t\t\t\t\t\t<span class=\"elementor-button-icon\">\n\t\t\t\t<i aria-hidden=\"true\" class=\"fas fa-cloud-download\"><\/i>\t\t\t<\/span>\n\t\t\t\t\t\t\t\t\t<span class=\"elementor-button-text\">AltBedFRL (PDF)<\/span>\n\t\t\t\t\t<\/span>\n\t\t\t\t\t<\/a>\n\t\t\t\t<\/div>\n\t\t\t\t\t\t\t\t<\/div>\n\t\t\t\t<\/div>\n\t\t\t\t<div class=\"elementor-element elementor-element-ef2306f elementor-widget elementor-widget-text-editor\" data-id=\"ef2306f\" data-element_type=\"widget\" data-e-type=\"widget\" data-widget_type=\"text-editor.default\">\n\t\t\t\t<div class=\"elementor-widget-container\">\n\t\t\t\t\t\t\t\t\t<p>The aim is to ensure sufficient public transport services even in areas and at times where the demand is low through the increased introduction of alternative forms of service and, at the same time, to gain experience from projects of this kind.<\/p>\t\t\t\t\t\t\t\t<\/div>\n\t\t\t\t<\/div>\n\t\t\t\t\t<\/div>\n\t\t<\/div>\n\t\t\t\t\t<\/div>\n\t\t<\/section>\n\t\t\t\t<section class=\"elementor-section elementor-top-section elementor-element elementor-element-c6b2324 elementor-section-stretched elementor-section-boxed elementor-section-height-default elementor-section-height-default\" data-id=\"c6b2324\" data-element_type=\"section\" data-e-type=\"section\" data-settings=\"{&quot;stretch_section&quot;:&quot;section-stretched&quot;,&quot;background_background&quot;:&quot;classic&quot;}\">\n\t\t\t\t\t\t<div class=\"elementor-container elementor-column-gap-custom\">\n\t\t\t\t\t<div class=\"elementor-column elementor-col-100 elementor-top-column elementor-element elementor-element-138b70f\" data-id=\"138b70f\" data-element_type=\"column\" data-e-type=\"column\">\n\t\t\t<div class=\"elementor-widget-wrap elementor-element-populated\">\n\t\t\t\t\t\t<div class=\"elementor-element elementor-element-55bfe8a H5 elementor-widget elementor-widget-heading\" data-id=\"55bfe8a\" data-element_type=\"widget\" data-e-type=\"widget\" data-widget_type=\"heading.default\">\n\t\t\t\t<div class=\"elementor-widget-container\">\n\t\t\t\t\t<h5 class=\"elementor-heading-title elementor-size-default\">Further information and downloads:<\/h5>\t\t\t\t<\/div>\n\t\t\t\t<\/div>\n\t\t\t\t<div class=\"elementor-element elementor-element-5e07b0c lead elementor-icon-list--layout-traditional elementor-list-item-link-full_width elementor-widget elementor-widget-icon-list\" data-id=\"5e07b0c\" data-element_type=\"widget\" data-e-type=\"widget\" data-widget_type=\"icon-list.default\">\n\t\t\t\t<div class=\"elementor-widget-container\">\n\t\t\t\t\t\t\t<ul class=\"elementor-icon-list-items\">\n\t\t\t\t\t\t\t<li class=\"elementor-icon-list-item\">\n\t\t\t\t\t\t\t\t\t\t\t<a href=\"https:\/\/www.vmv-mbh.de\/en\/die-vmv\/foerderung\/investitionsfoerderung\/\">\n\n\t\t\t\t\t\t\t\t\t\t\t\t<span class=\"elementor-icon-list-icon\">\n\t\t\t\t\t\t\t<i aria-hidden=\"true\" class=\"fas fa-arrow-right\"><\/i>\t\t\t\t\t\t<\/span>\n\t\t\t\t\t\t\t\t\t\t<span class=\"elementor-icon-list-text\">Investment funding<\/span>\n\t\t\t\t\t\t\t\t\t\t\t<\/a>\n\t\t\t\t\t\t\t\t\t<\/li>\n\t\t\t\t\t\t\t\t<li class=\"elementor-icon-list-item\">\n\t\t\t\t\t\t\t\t\t\t\t<a href=\"https:\/\/www.vmv-mbh.de\/en\/die-vmv\/foerderung\/spnv-ersatzverkehr\/\">\n\n\t\t\t\t\t\t\t\t\t\t\t\t<span class=\"elementor-icon-list-icon\">\n\t\t\t\t\t\t\t<i aria-hidden=\"true\" class=\"fas fa-arrow-right\"><\/i>\t\t\t\t\t\t<\/span>\n\t\t\t\t\t\t\t\t\t\t<span class=\"elementor-icon-list-text\">Replacements for local rail transport<\/span>\n\t\t\t\t\t\t\t\t\t\t\t<\/a>\n\t\t\t\t\t\t\t\t\t<\/li>\n\t\t\t\t\t\t\t\t<li class=\"elementor-icon-list-item\">\n\t\t\t\t\t\t\t\t\t\t\t<a href=\"https:\/\/www.vmv-mbh.de\/en\/die-vmv\/foerderung\/downloads\/\">\n\n\t\t\t\t\t\t\t\t\t\t\t\t<span class=\"elementor-icon-list-icon\">\n\t\t\t\t\t\t\t<i aria-hidden=\"true\" class=\"fas fa-arrow-right\"><\/i>\t\t\t\t\t\t<\/span>\n\t\t\t\t\t\t\t\t\t\t<span class=\"elementor-icon-list-text\">Current regulations and legislation to download<\/span>\n\t\t\t\t\t\t\t\t\t\t\t<\/a>\n\t\t\t\t\t\t\t\t\t<\/li>\n\t\t\t\t\t\t<\/ul>\n\t\t\t\t\t\t<\/div>\n\t\t\t\t<\/div>\n\t\t\t\t\t<\/div>\n\t\t<\/div>\n\t\t\t\t\t<\/div>\n\t\t<\/section>\n\t\t\t\t<\/div>","protected":false},"excerpt":{"rendered":"<p>Funding Alternative forms of public transport services are funded if they contribute to improving the economic efficiency and increasing the attractiveness of public transport. Alternative forms of service within the meaning of the guideline are: Call shared taxi, call bus and community bus, provided that they replace or supplement existing regular services in accordance with \u00a7 42 of the Passenger Transport Act (PBefG). For the alternative forms of service, subsidies can be granted for consultancy costs (during planning),...<\/p>","protected":false},"author":7,"featured_media":591,"parent":61,"menu_order":47,"comment_status":"closed","ping_status":"closed","template":"","meta":{"_acf_changed":false,"footnotes":""},"class_list":["post-625","page","type-page","status-publish","has-post-thumbnail","hentry"],"acf":[],"yoast_head":"<!-- This site is optimized with the Yoast SEO plugin v27.4 - https:\/\/yoast.com\/product\/yoast-seo-wordpress\/ -->\n<title>F\u00f6rderung Individueller Bedarfsverkehr - VMV-Verkehrsgesellschaft Mecklenburg-Vorpommern<\/title>\n<meta name=\"robots\" content=\"index, follow, max-snippet:-1, max-image-preview:large, max-video-preview:-1\" \/>\n<link rel=\"canonical\" href=\"https:\/\/www.vmv-mbh.de\/en\/die-vmv\/foerderung\/foerderung-individueller-bedarfsverkehr-2\/\" \/>\n<meta property=\"og:locale\" content=\"en_GB\" \/>\n<meta property=\"og:type\" content=\"article\" \/>\n<meta property=\"og:title\" content=\"F\u00f6rderung Individueller Bedarfsverkehr - VMV-Verkehrsgesellschaft Mecklenburg-Vorpommern\" \/>\n<meta property=\"og:description\" content=\"F\u00f6rderung Gef\u00f6rdert werden alternative Bedienungsformen im \u00d6PNV, wenn sie zur Verbesserung der Wirtschaftlichkeit und zur Erh\u00f6hung der Attraktivit\u00e4t des \u00d6PNV beitragen. Alternative Bedienungsformen im Sinne der Richtlinie sind: Anruf-Sammeltaxi, Anruf-Bus und B\u00fcrgerbus, sofern sie bestehende Linienverkehre gem\u00e4\u00df \u00a7 42 Personenbef\u00f6rderungsgesetz (PBefG) ersetzen oder erg\u00e4nzen. F\u00fcr die alternativen Bedienungsformen k\u00f6nnen Zusch\u00fcsse f\u00fcr Beraterkosten (bei der Planung),&hellip;\" \/>\n<meta property=\"og:url\" content=\"https:\/\/www.vmv-mbh.de\/en\/die-vmv\/foerderung\/foerderung-individueller-bedarfsverkehr-2\/\" \/>\n<meta property=\"og:site_name\" content=\"VMV-Verkehrsgesellschaft Mecklenburg-Vorpommern\" \/>\n<meta property=\"article:modified_time\" content=\"2022-08-03T09:13:31+00:00\" \/>\n<meta property=\"og:image\" content=\"https:\/\/www.vmv-mbh.de\/wp-content\/uploads\/vmv_banner_1920x480px_on9.jpg\" \/>\n\t<meta property=\"og:image:width\" content=\"1920\" \/>\n\t<meta property=\"og:image:height\" content=\"480\" \/>\n\t<meta property=\"og:image:type\" content=\"image\/jpeg\" \/>\n<meta name=\"twitter:card\" content=\"summary_large_image\" \/>\n<meta name=\"twitter:label1\" content=\"Estimated reading time\" \/>\n\t<meta name=\"twitter:data1\" content=\"1 minute\" \/>\n<script type=\"application\/ld+json\" class=\"yoast-schema-graph\">{\"@context\":\"https:\\\/\\\/schema.org\",\"@graph\":[{\"@type\":\"WebPage\",\"@id\":\"https:\\\/\\\/www.vmv-mbh.de\\\/die-vmv\\\/foerderung\\\/foerderung-individueller-bedarfsverkehr-2\\\/\",\"url\":\"https:\\\/\\\/www.vmv-mbh.de\\\/die-vmv\\\/foerderung\\\/foerderung-individueller-bedarfsverkehr-2\\\/\",\"name\":\"F\u00f6rderung Individueller Bedarfsverkehr - VMV-Verkehrsgesellschaft Mecklenburg-Vorpommern\",\"isPartOf\":{\"@id\":\"https:\\\/\\\/www.vmv-mbh.de\\\/#website\"},\"primaryImageOfPage\":{\"@id\":\"https:\\\/\\\/www.vmv-mbh.de\\\/die-vmv\\\/foerderung\\\/foerderung-individueller-bedarfsverkehr-2\\\/#primaryimage\"},\"image\":{\"@id\":\"https:\\\/\\\/www.vmv-mbh.de\\\/die-vmv\\\/foerderung\\\/foerderung-individueller-bedarfsverkehr-2\\\/#primaryimage\"},\"thumbnailUrl\":\"https:\\\/\\\/www.vmv-mbh.de\\\/wp-content\\\/uploads\\\/vmv_banner_1920x480px_on9.jpg\",\"datePublished\":\"2022-04-12T13:55:03+00:00\",\"dateModified\":\"2022-08-03T09:13:31+00:00\",\"breadcrumb\":{\"@id\":\"https:\\\/\\\/www.vmv-mbh.de\\\/die-vmv\\\/foerderung\\\/foerderung-individueller-bedarfsverkehr-2\\\/#breadcrumb\"},\"inLanguage\":\"en-GB\",\"potentialAction\":[{\"@type\":\"ReadAction\",\"target\":[\"https:\\\/\\\/www.vmv-mbh.de\\\/die-vmv\\\/foerderung\\\/foerderung-individueller-bedarfsverkehr-2\\\/\"]}]},{\"@type\":\"ImageObject\",\"inLanguage\":\"en-GB\",\"@id\":\"https:\\\/\\\/www.vmv-mbh.de\\\/die-vmv\\\/foerderung\\\/foerderung-individueller-bedarfsverkehr-2\\\/#primaryimage\",\"url\":\"https:\\\/\\\/www.vmv-mbh.de\\\/wp-content\\\/uploads\\\/vmv_banner_1920x480px_on9.jpg\",\"contentUrl\":\"https:\\\/\\\/www.vmv-mbh.de\\\/wp-content\\\/uploads\\\/vmv_banner_1920x480px_on9.jpg\",\"width\":1920,\"height\":480},{\"@type\":\"BreadcrumbList\",\"@id\":\"https:\\\/\\\/www.vmv-mbh.de\\\/die-vmv\\\/foerderung\\\/foerderung-individueller-bedarfsverkehr-2\\\/#breadcrumb\",\"itemListElement\":[{\"@type\":\"ListItem\",\"position\":1,\"name\":\"Startseite\",\"item\":\"https:\\\/\\\/www.vmv-mbh.de\\\/\"},{\"@type\":\"ListItem\",\"position\":2,\"name\":\"Die VMV\",\"item\":\"https:\\\/\\\/www.vmv-mbh.de\\\/en\\\/die-vmv\\\/\"},{\"@type\":\"ListItem\",\"position\":3,\"name\":\"F\u00f6rderung\",\"item\":\"https:\\\/\\\/www.vmv-mbh.de\\\/die-vmv\\\/foerderung\\\/\"},{\"@type\":\"ListItem\",\"position\":4,\"name\":\"F\u00f6rderung Individueller Bedarfsverkehr\"}]},{\"@type\":\"WebSite\",\"@id\":\"https:\\\/\\\/www.vmv-mbh.de\\\/#website\",\"url\":\"https:\\\/\\\/www.vmv-mbh.de\\\/\",\"name\":\"VMV-Verkehrsgesellschaft Mecklenburg-Vorpommern\",\"description\":\"VMV \u2013 Verkehrsgesellschaft M-V\",\"publisher\":{\"@id\":\"https:\\\/\\\/www.vmv-mbh.de\\\/#organization\"},\"potentialAction\":[{\"@type\":\"SearchAction\",\"target\":{\"@type\":\"EntryPoint\",\"urlTemplate\":\"https:\\\/\\\/www.vmv-mbh.de\\\/?s={search_term_string}\"},\"query-input\":{\"@type\":\"PropertyValueSpecification\",\"valueRequired\":true,\"valueName\":\"search_term_string\"}}],\"inLanguage\":\"en-GB\"},{\"@type\":\"Organization\",\"@id\":\"https:\\\/\\\/www.vmv-mbh.de\\\/#organization\",\"name\":\"VMV \u2013 Verkehrsgesellschaft Mecklenburg-Vorpommern mbH\",\"url\":\"https:\\\/\\\/www.vmv-mbh.de\\\/\",\"logo\":{\"@type\":\"ImageObject\",\"inLanguage\":\"en-GB\",\"@id\":\"https:\\\/\\\/www.vmv-mbh.de\\\/#\\\/schema\\\/logo\\\/image\\\/\",\"url\":\"https:\\\/\\\/www.vmv-mbh.de\\\/wp-content\\\/uploads\\\/brand-vmv-vmv-logo-quer-inv.png\",\"contentUrl\":\"https:\\\/\\\/www.vmv-mbh.de\\\/wp-content\\\/uploads\\\/brand-vmv-vmv-logo-quer-inv.png\",\"width\":384,\"height\":64,\"caption\":\"VMV \u2013 Verkehrsgesellschaft Mecklenburg-Vorpommern mbH\"},\"image\":{\"@id\":\"https:\\\/\\\/www.vmv-mbh.de\\\/#\\\/schema\\\/logo\\\/image\\\/\"}}]}<\/script>\n<!-- \/ Yoast SEO plugin. -->","yoast_head_json":{"title":"F\u00f6rderung Individueller Bedarfsverkehr - VMV-Verkehrsgesellschaft Mecklenburg-Vorpommern","robots":{"index":"index","follow":"follow","max-snippet":"max-snippet:-1","max-image-preview":"max-image-preview:large","max-video-preview":"max-video-preview:-1"},"canonical":"https:\/\/www.vmv-mbh.de\/en\/die-vmv\/foerderung\/foerderung-individueller-bedarfsverkehr-2\/","og_locale":"en_GB","og_type":"article","og_title":"F\u00f6rderung Individueller Bedarfsverkehr - VMV-Verkehrsgesellschaft Mecklenburg-Vorpommern","og_description":"F\u00f6rderung Gef\u00f6rdert werden alternative Bedienungsformen im \u00d6PNV, wenn sie zur Verbesserung der Wirtschaftlichkeit und zur Erh\u00f6hung der Attraktivit\u00e4t des \u00d6PNV beitragen. Alternative Bedienungsformen im Sinne der Richtlinie sind: Anruf-Sammeltaxi, Anruf-Bus und B\u00fcrgerbus, sofern sie bestehende Linienverkehre gem\u00e4\u00df \u00a7 42 Personenbef\u00f6rderungsgesetz (PBefG) ersetzen oder erg\u00e4nzen. F\u00fcr die alternativen Bedienungsformen k\u00f6nnen Zusch\u00fcsse f\u00fcr Beraterkosten (bei der Planung),&hellip;","og_url":"https:\/\/www.vmv-mbh.de\/en\/die-vmv\/foerderung\/foerderung-individueller-bedarfsverkehr-2\/","og_site_name":"VMV-Verkehrsgesellschaft Mecklenburg-Vorpommern","article_modified_time":"2022-08-03T09:13:31+00:00","og_image":[{"width":1920,"height":480,"url":"https:\/\/www.vmv-mbh.de\/wp-content\/uploads\/vmv_banner_1920x480px_on9.jpg","type":"image\/jpeg"}],"twitter_card":"summary_large_image","twitter_misc":{"Estimated reading time":"1 minute"},"schema":{"@context":"https:\/\/schema.org","@graph":[{"@type":"WebPage","@id":"https:\/\/www.vmv-mbh.de\/die-vmv\/foerderung\/foerderung-individueller-bedarfsverkehr-2\/","url":"https:\/\/www.vmv-mbh.de\/die-vmv\/foerderung\/foerderung-individueller-bedarfsverkehr-2\/","name":"F\u00f6rderung Individueller Bedarfsverkehr - VMV-Verkehrsgesellschaft Mecklenburg-Vorpommern","isPartOf":{"@id":"https:\/\/www.vmv-mbh.de\/#website"},"primaryImageOfPage":{"@id":"https:\/\/www.vmv-mbh.de\/die-vmv\/foerderung\/foerderung-individueller-bedarfsverkehr-2\/#primaryimage"},"image":{"@id":"https:\/\/www.vmv-mbh.de\/die-vmv\/foerderung\/foerderung-individueller-bedarfsverkehr-2\/#primaryimage"},"thumbnailUrl":"https:\/\/www.vmv-mbh.de\/wp-content\/uploads\/vmv_banner_1920x480px_on9.jpg","datePublished":"2022-04-12T13:55:03+00:00","dateModified":"2022-08-03T09:13:31+00:00","breadcrumb":{"@id":"https:\/\/www.vmv-mbh.de\/die-vmv\/foerderung\/foerderung-individueller-bedarfsverkehr-2\/#breadcrumb"},"inLanguage":"en-GB","potentialAction":[{"@type":"ReadAction","target":["https:\/\/www.vmv-mbh.de\/die-vmv\/foerderung\/foerderung-individueller-bedarfsverkehr-2\/"]}]},{"@type":"ImageObject","inLanguage":"en-GB","@id":"https:\/\/www.vmv-mbh.de\/die-vmv\/foerderung\/foerderung-individueller-bedarfsverkehr-2\/#primaryimage","url":"https:\/\/www.vmv-mbh.de\/wp-content\/uploads\/vmv_banner_1920x480px_on9.jpg","contentUrl":"https:\/\/www.vmv-mbh.de\/wp-content\/uploads\/vmv_banner_1920x480px_on9.jpg","width":1920,"height":480},{"@type":"BreadcrumbList","@id":"https:\/\/www.vmv-mbh.de\/die-vmv\/foerderung\/foerderung-individueller-bedarfsverkehr-2\/#breadcrumb","itemListElement":[{"@type":"ListItem","position":1,"name":"Startseite","item":"https:\/\/www.vmv-mbh.de\/"},{"@type":"ListItem","position":2,"name":"Die VMV","item":"https:\/\/www.vmv-mbh.de\/en\/die-vmv\/"},{"@type":"ListItem","position":3,"name":"F\u00f6rderung","item":"https:\/\/www.vmv-mbh.de\/die-vmv\/foerderung\/"},{"@type":"ListItem","position":4,"name":"F\u00f6rderung Individueller Bedarfsverkehr"}]},{"@type":"WebSite","@id":"https:\/\/www.vmv-mbh.de\/#website","url":"https:\/\/www.vmv-mbh.de\/","name":"VMV Transport Company Mecklenburg-Western Pomerania","description":"VMV - Verkehrsgesellschaft M-V","publisher":{"@id":"https:\/\/www.vmv-mbh.de\/#organization"},"potentialAction":[{"@type":"SearchAction","target":{"@type":"EntryPoint","urlTemplate":"https:\/\/www.vmv-mbh.de\/?s={search_term_string}"},"query-input":{"@type":"PropertyValueSpecification","valueRequired":true,"valueName":"search_term_string"}}],"inLanguage":"en-GB"},{"@type":"Organization","@id":"https:\/\/www.vmv-mbh.de\/#organization","name":"VMV - Verkehrsgesellschaft Mecklenburg-Vorpommern mbH","url":"https:\/\/www.vmv-mbh.de\/","logo":{"@type":"ImageObject","inLanguage":"en-GB","@id":"https:\/\/www.vmv-mbh.de\/#\/schema\/logo\/image\/","url":"https:\/\/www.vmv-mbh.de\/wp-content\/uploads\/brand-vmv-vmv-logo-quer-inv.png","contentUrl":"https:\/\/www.vmv-mbh.de\/wp-content\/uploads\/brand-vmv-vmv-logo-quer-inv.png","width":384,"height":64,"caption":"VMV \u2013 Verkehrsgesellschaft Mecklenburg-Vorpommern mbH"},"image":{"@id":"https:\/\/www.vmv-mbh.de\/#\/schema\/logo\/image\/"}}]}},"_links":{"self":[{"href":"https:\/\/www.vmv-mbh.de\/en\/wp-json\/wp\/v2\/pages\/625","targetHints":{"allow":["GET"]}}],"collection":[{"href":"https:\/\/www.vmv-mbh.de\/en\/wp-json\/wp\/v2\/pages"}],"about":[{"href":"https:\/\/www.vmv-mbh.de\/en\/wp-json\/wp\/v2\/types\/page"}],"author":[{"embeddable":true,"href":"https:\/\/www.vmv-mbh.de\/en\/wp-json\/wp\/v2\/users\/7"}],"replies":[{"embeddable":true,"href":"https:\/\/www.vmv-mbh.de\/en\/wp-json\/wp\/v2\/comments?post=625"}],"version-history":[{"count":0,"href":"https:\/\/www.vmv-mbh.de\/en\/wp-json\/wp\/v2\/pages\/625\/revisions"}],"up":[{"embeddable":true,"href":"https:\/\/www.vmv-mbh.de\/en\/wp-json\/wp\/v2\/pages\/61"}],"wp:featuredmedia":[{"embeddable":true,"href":"https:\/\/www.vmv-mbh.de\/en\/wp-json\/wp\/v2\/media\/591"}],"wp:attachment":[{"href":"https:\/\/www.vmv-mbh.de\/en\/wp-json\/wp\/v2\/media?parent=625"}],"curies":[{"name":"wp","href":"https:\/\/api.w.org\/{rel}","templated":true}]}}